{"id":8898,"date":"2024-07-04T10:31:12","date_gmt":"2024-07-04T09:31:12","guid":{"rendered":"https:\/\/juvigo.pt\/revista\/?page_id=8898"},"modified":"2024-07-04T12:14:38","modified_gmt":"2024-07-04T11:14:38","slug":"avaliacao-parceiros","status":"publish","type":"page","link":"https:\/\/juvigo.pt\/revista\/avaliacao-parceiros\/","title":{"rendered":"O que os nossos Parceiros pensam sobre n\u00f3s"},"content":{"rendered":"\n<p>O nosso trabalho existe, sobretudo, devido \u00e0 compet\u00eancia, experi\u00eancia, profissionalismo e apoio dos nossos parceiros. Apenas temos a possibilidade de oferecer sempre uma grande sele\u00e7\u00e3o dos melhores e mais baratos campos de f\u00e9rias, devido \u00e0 nossa rede de Parceiros. H\u00e1 muitos anos que constru\u00edmos uma rela\u00e7\u00e3o de confian\u00e7a e trabalhamos com associa\u00e7\u00f5es, organizadores de viagens e outros envolvidos na ind\u00fastria de viagens para crian\u00e7as e jovens. Estamos muito satisfeitos por conseguir alcan\u00e7ar um sucesso conjunto.<\/p>\n\n\n\n<div class=\"wp-block-columns is-layout-flex wp-container-core-columns-is-layout-1 wp-block-columns-is-layout-flex\">\n<div class=\"wp-block-column is-vertically-aligned-center is-layout-flow wp-block-column-is-layout-flow\" style=\"flex-basis:66.66%\">\n<p>Trabalhamos com a Juvigo desde 2022 e tem sido muito interessante o crescimento que temos conseguido fazer, juntos. A Juvigo tem-nos permitido chegar a Clientes e Utentes a quem ainda n\u00e3o t\u00ednhamos chegado e ficamos contentes por, ao contactar com os mesmos, sabermos que houve uma certa extens\u00e3o da nossa personalidade, no primeiro contacto destes com a Juvigo. Muito Obrigado \u00e0 equipa Portuguesa, que se tem renovado, por toda a ajuda e pelo acompanhamento espec\u00edfico que tem feito aos nossos Programas.<\/p>\n\n\n\n<p><em>Afonso Leit\u00e3o, Diretor Edu4WORD<\/em><\/p>\n<\/div>\n\n\n\n<div class=\"wp-block-column is-vertically-aligned-center is-layout-flow wp-block-column-is-layout-flow\" style=\"flex-basis:33.33%\"><div class=\"wp-block-image is-style-rounded\">\n<figure class=\"aligncenter size-full\"><img decoding=\"async\" width=\"634\" height=\"616\" data-src=\"https:\/\/juvigo.pt\/revista\/wp-content\/uploads\/2024\/07\/Afonso-leitao-edu4word.jpg\" alt=\"\" class=\"wp-image-8903 lazyload\" style=\"--smush-placeholder-width: 634px; --smush-placeholder-aspect-ratio: 634\/616;aspect-ratio:1;object-fit:cover\" data-srcset=\"https:\/\/juvigo.pt\/revista\/wp-content\/uploads\/2024\/07\/Afonso-leitao-edu4word.jpg 634w, https:\/\/juvigo.pt\/revista\/wp-content\/uploads\/2024\/07\/Afonso-leitao-edu4word-300x291.jpg 300w, https:\/\/juvigo.pt\/revista\/wp-content\/uploads\/2024\/07\/Afonso-leitao-edu4word-600x583.jpg 600w\" data-sizes=\"(max-width: 634px) 100vw, 634px\" src=\"data:image\/gif;base64,R0lGODlhAQABAAAAACH5BAEKAAEALAAAAAABAAEAAAICTAEAOw==\" \/><\/figure><\/div><\/div>\n<\/div>\n\n\n\n<div style=\"height:50px\" aria-hidden=\"true\" class=\"wp-block-spacer\"><\/div>\n\n\n\n<div class=\"wp-block-columns is-layout-flex wp-container-core-columns-is-layout-2 wp-block-columns-is-layout-flex\">\n<div class=\"wp-block-column is-vertically-aligned-center is-layout-flow wp-block-column-is-layout-flow\" style=\"flex-basis:33.33%\"><div class=\"wp-block-image is-style-rounded\">\n<figure class=\"aligncenter size-full\"><img decoding=\"async\" width=\"206\" height=\"206\" data-src=\"https:\/\/juvigo.pt\/revista\/wp-content\/uploads\/2024\/07\/Filipe-Red-Seagull.jpeg\" alt=\"\" class=\"wp-image-8906 lazyload\" style=\"--smush-placeholder-width: 206px; --smush-placeholder-aspect-ratio: 206\/206;aspect-ratio:1;object-fit:cover\" data-srcset=\"https:\/\/juvigo.pt\/revista\/wp-content\/uploads\/2024\/07\/Filipe-Red-Seagull.jpeg 206w, https:\/\/juvigo.pt\/revista\/wp-content\/uploads\/2024\/07\/Filipe-Red-Seagull-150x150.jpeg 150w\" data-sizes=\"(max-width: 206px) 100vw, 206px\" src=\"data:image\/gif;base64,R0lGODlhAQABAAAAACH5BAEKAAEALAAAAAABAAEAAAICTAEAOw==\" \/><\/figure><\/div><\/div>\n\n\n\n<div class=\"wp-block-column is-vertically-aligned-center is-layout-flow wp-block-column-is-layout-flow\" style=\"flex-basis:66.66%\">\n<p>\u00c9 com muito gosto que testemunhamos a nossa satisfa\u00e7\u00e3o em rela\u00e7\u00e3o \u00e0 parceria entre a Juvigo e a Red Seagull para os nossos campos de f\u00e9rias de ver\u00e3o. A experi\u00eancia foi extremamente positiva, sendo de destacar a equipa que nos acompanhou &#8211; Miguel, Alexandra e Mafalda &#8211; sempre presentes com uma comunica\u00e7\u00e3o eficiente e transparente, facilitando a colabora\u00e7\u00e3o e garantindo uma experi\u00eancia positiva para todos os envolvidos no processo de pr\u00e9 e p\u00f3s reserva. Vantajosamente esta parceria tamb\u00e9m nos permitiu alcan\u00e7ar p\u00fablico que dificilmente chegar\u00edamos de forma independente, ficando gratos e ansiosos pela continuidade desta contribui\u00e7\u00e3o da Juvigo no sucesso e a alavancagem das nossas atividades.<\/p>\n\n\n\n<p><em>Filipe Lara Ramos, Diretor RED SEAGULL<\/em><\/p>\n<\/div>\n<\/div>\n\n\n\n<div style=\"height:50px\" aria-hidden=\"true\" class=\"wp-block-spacer\"><\/div>\n\n\n\n<div class=\"wp-block-columns is-layout-flex wp-container-core-columns-is-layout-3 wp-block-columns-is-layout-flex\">\n<div class=\"wp-block-column is-vertically-aligned-center is-layout-flow wp-block-column-is-layout-flow\" style=\"flex-basis:66.66%\">\n<p>A parceria da Pranima com a Juvigo tem sido bastante positiva. Na internacionaliza\u00e7\u00e3o do nosso campo WOW, o trabalho desenvolvido pela Juvigo veio dar o impulso que desej\u00e1vamos h\u00e1 alguns anos. A credibilidade da Juvigo assegura \u00e0 Pranima as inscri\u00e7\u00f5es internacionais que desejamos, devido \u00e0 confian\u00e7a que os pais j\u00e1 t\u00eam na entidade Juvigo ao longo dos anos. A Pranima, com mais de 30 anos de experi\u00eancia na realiza\u00e7\u00e3o de Campos de F\u00e9rias, une-se \u00e0 capacidade da Juvigo e permite-nos atingir mais rapidamente os nossos objetivos.<\/p>\n\n\n\n<p><em>Jo\u00e3o Rodrigues, Director Pranima<\/em><\/p>\n<\/div>\n\n\n\n<div class=\"wp-block-column is-vertically-aligned-center is-layout-flow wp-block-column-is-layout-flow\" style=\"flex-basis:33.33%\"><div class=\"wp-block-image is-style-rounded\">\n<figure class=\"aligncenter size-full\"><img decoding=\"async\" width=\"755\" height=\"713\" data-src=\"https:\/\/juvigo.pt\/revista\/wp-content\/uploads\/2024\/07\/joao-r-pranima-.jpeg\" alt=\"\" class=\"wp-image-8907 lazyload\" style=\"--smush-placeholder-width: 755px; --smush-placeholder-aspect-ratio: 755\/713;aspect-ratio:1;object-fit:cover\" data-srcset=\"https:\/\/juvigo.pt\/revista\/wp-content\/uploads\/2024\/07\/joao-r-pranima-.jpeg 755w, https:\/\/juvigo.pt\/revista\/wp-content\/uploads\/2024\/07\/joao-r-pranima--300x283.jpeg 300w, https:\/\/juvigo.pt\/revista\/wp-content\/uploads\/2024\/07\/joao-r-pranima--600x567.jpeg 600w\" data-sizes=\"(max-width: 755px) 100vw, 755px\" src=\"data:image\/gif;base64,R0lGODlhAQABAAAAACH5BAEKAAEALAAAAAABAAEAAAICTAEAOw==\" \/><\/figure><\/div><\/div>\n<\/div>\n\n\n\n<div style=\"height:50px\" aria-hidden=\"true\" class=\"wp-block-spacer\"><\/div>\n\n\n\n<div class=\"wp-block-columns is-layout-flex wp-container-core-columns-is-layout-4 wp-block-columns-is-layout-flex\">\n<div class=\"wp-block-column is-vertically-aligned-center is-layout-flow wp-block-column-is-layout-flow\" style=\"flex-basis:33.33%\"><div class=\"wp-block-image is-style-rounded\">\n<figure class=\"aligncenter size-full\"><img decoding=\"async\" width=\"718\" height=\"934\" data-src=\"https:\/\/juvigo.pt\/revista\/wp-content\/uploads\/2024\/07\/Susana-1.jpeg\" alt=\"\" class=\"wp-image-8910 lazyload\" data-srcset=\"https:\/\/juvigo.pt\/revista\/wp-content\/uploads\/2024\/07\/Susana-1.jpeg 718w, https:\/\/juvigo.pt\/revista\/wp-content\/uploads\/2024\/07\/Susana-1-231x300.jpeg 231w, https:\/\/juvigo.pt\/revista\/wp-content\/uploads\/2024\/07\/Susana-1-600x781.jpeg 600w\" data-sizes=\"(max-width: 718px) 100vw, 718px\" src=\"data:image\/gif;base64,R0lGODlhAQABAAAAACH5BAEKAAEALAAAAAABAAEAAAICTAEAOw==\" style=\"--smush-placeholder-width: 718px; --smush-placeholder-aspect-ratio: 718\/934;\" \/><\/figure><\/div><\/div>\n\n\n\n<div class=\"wp-block-column is-vertically-aligned-center is-layout-flow wp-block-column-is-layout-flow\" style=\"flex-basis:66.66%\">\n<p>A parceria entre a Elite Sport Camp e a Juvigo traz benef\u00edcios significativos. Permite-nos expandir a presen\u00e7a dos nossos campos, tanto nacional quanto internacionalmente, difundindo o nosso conceito. Isso capacita-nos a alcan\u00e7ar uma audi\u00eancia mais ampla e oferecer experi\u00eancias desportivas e intelectuais de alta qualidade em uma escala global. Al\u00e9m disso, essa colabora\u00e7\u00e3o fortalece a nossa capacidade de compartilhar conhecimento e recursos, enriquecendo o desenvolvimento dos atletas e ampliando as oportunidades de aprendizagens. Juntos, estamos a construir um legado desportivo e de desenvolvimento pessoal que beneficia in\u00fameras pessoas ao redor do mundo<\/p>\n\n\n\n<p><em>Susana C\u00e9sar, CEO Elite Sport Camp<\/em><\/p>\n<\/div>\n<\/div>\n\n\n\n<div style=\"height:50px\" aria-hidden=\"true\" class=\"wp-block-spacer\"><\/div>\n\n\n\n<div class=\"wp-block-columns is-layout-flex wp-container-core-columns-is-layout-5 wp-block-columns-is-layout-flex\">\n<div class=\"wp-block-column is-vertically-aligned-center is-layout-flow wp-block-column-is-layout-flow\" style=\"flex-basis:66.66%\">\n<p>\u00c9 uma parceria de grande import\u00e2ncia tanto para n\u00f3s (Entidades Promotoras), como para Pais e filhos que passaram a contar com uma plataforma de informa\u00e7\u00e3o s\u00e9ria e fidedigna, nesta \u00e1rea de Campos de F\u00e9rias. Ap\u00f3s uma avalia\u00e7\u00e3o feita ao nosso\/vosso trabalho no ano anterior, decidimos renovar esta parceria por considerarmos a JUVIGO (e os seus colaboradores), como entidade \u00edntegra em toda a sua forma de se relacionar com os respetivos parceiros, bem como, com as fam\u00edlias que procuram apoio e esclarecimentos para uma melhor escolha do local que sem d\u00favida, se adequar\u00e1 \u00e0s f\u00e9rias dos seus educandos.<\/p>\n\n\n\n<p><em>Jos\u00e9 Martinho, Fundador dos Campos de F\u00e9rias do Castor<\/em><\/p>\n<\/div>\n\n\n\n<div class=\"wp-block-column is-vertically-aligned-center is-layout-flow wp-block-column-is-layout-flow\" style=\"flex-basis:33.33%\"><div class=\"wp-block-image is-style-rounded\">\n<figure class=\"aligncenter size-full\"><img decoding=\"async\" width=\"546\" height=\"546\" data-src=\"https:\/\/juvigo.pt\/revista\/wp-content\/uploads\/2024\/07\/Jose-Martinho-Castor.jpeg\" alt=\"\" class=\"wp-image-8913 lazyload\" style=\"--smush-placeholder-width: 546px; --smush-placeholder-aspect-ratio: 546\/546;aspect-ratio:1;object-fit:cover\" data-srcset=\"https:\/\/juvigo.pt\/revista\/wp-content\/uploads\/2024\/07\/Jose-Martinho-Castor.jpeg 546w, https:\/\/juvigo.pt\/revista\/wp-content\/uploads\/2024\/07\/Jose-Martinho-Castor-300x300.jpeg 300w, https:\/\/juvigo.pt\/revista\/wp-content\/uploads\/2024\/07\/Jose-Martinho-Castor-150x150.jpeg 150w, https:\/\/juvigo.pt\/revista\/wp-content\/uploads\/2024\/07\/Jose-Martinho-Castor-278x278.jpeg 278w, https:\/\/juvigo.pt\/revista\/wp-content\/uploads\/2024\/07\/Jose-Martinho-Castor-247x247.jpeg 247w\" data-sizes=\"(max-width: 546px) 100vw, 546px\" src=\"data:image\/gif;base64,R0lGODlhAQABAAAAACH5BAEKAAEALAAAAAABAAEAAAICTAEAOw==\" \/><\/figure><\/div><\/div>\n<\/div>\n\n\n\n<div style=\"height:50px\" aria-hidden=\"true\" class=\"wp-block-spacer\"><\/div>\n\n\n\n<div class=\"wp-block-columns is-layout-flex wp-container-core-columns-is-layout-6 wp-block-columns-is-layout-flex\">\n<div class=\"wp-block-column is-vertically-aligned-center is-layout-flow wp-block-column-is-layout-flow\" style=\"flex-basis:33.33%\"><div class=\"wp-block-image is-style-rounded\">\n<figure class=\"aligncenter size-full\"><img decoding=\"async\" width=\"600\" height=\"899\" data-src=\"https:\/\/juvigo.pt\/revista\/wp-content\/uploads\/2024\/07\/Ana-MyCamp.jpeg\" alt=\"\" class=\"wp-image-8914 lazyload\" data-srcset=\"https:\/\/juvigo.pt\/revista\/wp-content\/uploads\/2024\/07\/Ana-MyCamp.jpeg 600w, https:\/\/juvigo.pt\/revista\/wp-content\/uploads\/2024\/07\/Ana-MyCamp-200x300.jpeg 200w\" data-sizes=\"(max-width: 600px) 100vw, 600px\" src=\"data:image\/gif;base64,R0lGODlhAQABAAAAACH5BAEKAAEALAAAAAABAAEAAAICTAEAOw==\" style=\"--smush-placeholder-width: 600px; --smush-placeholder-aspect-ratio: 600\/899;\" \/><\/figure><\/div><\/div>\n\n\n\n<div class=\"wp-block-column is-vertically-aligned-center is-layout-flow wp-block-column-is-layout-flow\" style=\"flex-basis:66.66%\">\n<p>A parceria da MyCamp com a Juvigo tem sido bastante positiva tendo em vista a nossa estrat\u00e9gia de internacionaliza\u00e7\u00e3o, pelo facto de conseguirmos levar o nome da MyCamp ainda mais longe. A experi\u00eancia da MyCamp de mais de 30 anos a realizar Campos de F\u00e9rias aliado ao know-how da Juvigo tem tudo para oferecer uma experi\u00eancia memor\u00e1vel a todos os que nos visitam.<\/p>\n\n\n\n<p><em>Ana Silva, Propriet\u00e1ria My Camp<\/em><\/p>\n<\/div>\n<\/div>\n\n\n\n<div style=\"height:50px\" aria-hidden=\"true\" class=\"wp-block-spacer\"><\/div>\n\n\n\n<div class=\"wp-block-columns is-layout-flex wp-container-core-columns-is-layout-7 wp-block-columns-is-layout-flex\">\n<div class=\"wp-block-column is-vertically-aligned-center is-layout-flow wp-block-column-is-layout-flow\" style=\"flex-basis:66.66%\">\n<p>O Campo Aventura identifica no trabalho desenvolvido pela JUVIGO, um elevado profissionalismo na forma de comunica\u00e7\u00e3o com a empresa, mas acima de tudo, com os seus clientes, demonstrando sempre celeridade na resposta, compet\u00eancia e proximidade, sens\u00edvel aos pedidos e especificidades dos seus clientes. Estas, entre muitas outras raz\u00f5es, fazem da JUVIGO, um parceiro \u00fanico pela forma como trabalham.<\/p>\n\n\n\n<p><em>Ana Reis, Propriet\u00e1ria do Campo Aventura J\u00fanior Resort<\/em><\/p>\n<\/div>\n\n\n\n<div class=\"wp-block-column is-vertically-aligned-center is-layout-flow wp-block-column-is-layout-flow\" style=\"flex-basis:33.33%\"><div class=\"wp-block-image is-style-rounded\">\n<figure class=\"aligncenter size-full\"><img decoding=\"async\" width=\"320\" height=\"240\" data-src=\"https:\/\/juvigo.pt\/revista\/wp-content\/uploads\/2024\/07\/72AD02BA-553F-4FA9-9A5A-4A1B4D740491.jpeg\" alt=\"\" class=\"wp-image-8917 lazyload\" style=\"--smush-placeholder-width: 320px; --smush-placeholder-aspect-ratio: 320\/240;aspect-ratio:1;object-fit:cover\" data-srcset=\"https:\/\/juvigo.pt\/revista\/wp-content\/uploads\/2024\/07\/72AD02BA-553F-4FA9-9A5A-4A1B4D740491.jpeg 320w, https:\/\/juvigo.pt\/revista\/wp-content\/uploads\/2024\/07\/72AD02BA-553F-4FA9-9A5A-4A1B4D740491-300x225.jpeg 300w, https:\/\/juvigo.pt\/revista\/wp-content\/uploads\/2024\/07\/72AD02BA-553F-4FA9-9A5A-4A1B4D740491-141x106.jpeg 141w, https:\/\/juvigo.pt\/revista\/wp-content\/uploads\/2024\/07\/72AD02BA-553F-4FA9-9A5A-4A1B4D740491-247x186.jpeg 247w\" data-sizes=\"(max-width: 320px) 100vw, 320px\" src=\"data:image\/gif;base64,R0lGODlhAQABAAAAACH5BAEKAAEALAAAAAABAAEAAAICTAEAOw==\" \/><\/figure><\/div><\/div>\n<\/div>\n\n\n\n<div style=\"height:50px\" aria-hidden=\"true\" class=\"wp-block-spacer\"><\/div>\n\n\n\n<div class=\"wp-block-columns is-layout-flex wp-container-core-columns-is-layout-8 wp-block-columns-is-layout-flex\">\n<div class=\"wp-block-column is-vertically-aligned-center is-layout-flow wp-block-column-is-layout-flow\" style=\"flex-basis:33.33%\"><div class=\"wp-block-image is-style-rounded\">\n<figure class=\"aligncenter size-large\"><img decoding=\"async\" width=\"1024\" height=\"1024\" data-src=\"https:\/\/juvigo.pt\/revista\/wp-content\/uploads\/2024\/07\/miguel-campo-jovem-1024x1024.jpeg\" alt=\"\" class=\"wp-image-8920 lazyload\" style=\"--smush-placeholder-width: 1024px; --smush-placeholder-aspect-ratio: 1024\/1024;aspect-ratio:1;object-fit:cover\" data-srcset=\"https:\/\/juvigo.pt\/revista\/wp-content\/uploads\/2024\/07\/miguel-campo-jovem-1024x1024.jpeg 1024w, https:\/\/juvigo.pt\/revista\/wp-content\/uploads\/2024\/07\/miguel-campo-jovem-300x300.jpeg 300w, https:\/\/juvigo.pt\/revista\/wp-content\/uploads\/2024\/07\/miguel-campo-jovem-150x150.jpeg 150w, https:\/\/juvigo.pt\/revista\/wp-content\/uploads\/2024\/07\/miguel-campo-jovem-768x768.jpeg 768w, https:\/\/juvigo.pt\/revista\/wp-content\/uploads\/2024\/07\/miguel-campo-jovem-600x600.jpeg 600w, https:\/\/juvigo.pt\/revista\/wp-content\/uploads\/2024\/07\/miguel-campo-jovem-800x800.jpeg 800w, https:\/\/juvigo.pt\/revista\/wp-content\/uploads\/2024\/07\/miguel-campo-jovem-278x278.jpeg 278w, https:\/\/juvigo.pt\/revista\/wp-content\/uploads\/2024\/07\/miguel-campo-jovem-247x247.jpeg 247w, https:\/\/juvigo.pt\/revista\/wp-content\/uploads\/2024\/07\/miguel-campo-jovem.jpeg 1080w\" data-sizes=\"(max-width: 1024px) 100vw, 1024px\" src=\"data:image\/gif;base64,R0lGODlhAQABAAAAACH5BAEKAAEALAAAAAABAAEAAAICTAEAOw==\" \/><\/figure><\/div><\/div>\n\n\n\n<div class=\"wp-block-column is-vertically-aligned-center is-layout-flow wp-block-column-is-layout-flow\" style=\"flex-basis:66.66%\">\n<p>A parceria com a Juvigo \u00e9 uma experi\u00eancia positiva para o CAMPO JOVEM. O Miguel \u00e9 bastante atencioso a todos os detalhes importantes que lhe transmitimos, tanto para os jovens como para os seus pais, compreendendo e mostrando a mensagem correta que queremos passar. A visita do Miguel e do Bj\u00f6rn ao CAMPO JOVEM mostrou que esta parceria faz todo o sentido e continuar\u00e1 a fazer crescer o CAMPO JOVEM! Obrigado Miguel e Juvigo.<\/p>\n\n\n\n<p><em>Miguel \u00c2ngelo de Freitas, Fundador do Campo Jovem<\/em><\/p>\n<\/div>\n<\/div>\n\n\n\n<div style=\"height:50px\" aria-hidden=\"true\" class=\"wp-block-spacer\"><\/div>\n\n\n\n<div class=\"wp-block-columns is-layout-flex wp-container-core-columns-is-layout-9 wp-block-columns-is-layout-flex\">\n<div class=\"wp-block-column is-vertically-aligned-center is-layout-flow wp-block-column-is-layout-flow\" style=\"flex-basis:66.66%\">\n<p>A Parceria entre a DiverLanhoso e a Juvigo teve in\u00edcio no ano de 2021. Este foi o primeiro ano e sem d\u00favida ficamos muito satisfeitos, o Miguel manteve sempre o contacto muito pr\u00f3ximo connosco e com os pais, sempre incans\u00e1vel em esclarecer todas as d\u00favidas e agilizar os processos, o mais pr\u00e1tico poss\u00edvel. \u00c9, sem d\u00favida, mais que uma plataforma de reservas.<\/p>\n\n\n\n<p><em>Sara Vieira, Coordenadora dos Campos de f\u00e9rias do Parque Aventura DiverLanhoso<\/em><\/p>\n<\/div>\n\n\n\n<div class=\"wp-block-column is-vertically-aligned-center is-layout-flow wp-block-column-is-layout-flow\" style=\"flex-basis:33.33%\"><div class=\"wp-block-image is-style-rounded\">\n<figure class=\"aligncenter size-full\"><img decoding=\"async\" width=\"1004\" height=\"926\" data-src=\"https:\/\/juvigo.pt\/revista\/wp-content\/uploads\/2024\/07\/Screenshot-2021-09-20-at-10.19.03.jpg\" alt=\"\" class=\"wp-image-8921 lazyload\" style=\"--smush-placeholder-width: 1004px; --smush-placeholder-aspect-ratio: 1004\/926;aspect-ratio:1;object-fit:cover\" data-srcset=\"https:\/\/juvigo.pt\/revista\/wp-content\/uploads\/2024\/07\/Screenshot-2021-09-20-at-10.19.03.jpg 1004w, https:\/\/juvigo.pt\/revista\/wp-content\/uploads\/2024\/07\/Screenshot-2021-09-20-at-10.19.03-300x277.jpg 300w, https:\/\/juvigo.pt\/revista\/wp-content\/uploads\/2024\/07\/Screenshot-2021-09-20-at-10.19.03-768x708.jpg 768w, https:\/\/juvigo.pt\/revista\/wp-content\/uploads\/2024\/07\/Screenshot-2021-09-20-at-10.19.03-600x553.jpg 600w, https:\/\/juvigo.pt\/revista\/wp-content\/uploads\/2024\/07\/Screenshot-2021-09-20-at-10.19.03-800x738.jpg 800w\" data-sizes=\"(max-width: 1004px) 100vw, 1004px\" src=\"data:image\/gif;base64,R0lGODlhAQABAAAAACH5BAEKAAEALAAAAAABAAEAAAICTAEAOw==\" \/><\/figure><\/div><\/div>\n<\/div>\n\n\n\n<div style=\"height:50px\" aria-hidden=\"true\" class=\"wp-block-spacer\"><\/div>\n\n\n\n<div class=\"wp-block-columns is-layout-flex wp-container-core-columns-is-layout-10 wp-block-columns-is-layout-flex\">\n<div class=\"wp-block-column is-vertically-aligned-center is-layout-flow wp-block-column-is-layout-flow\" style=\"flex-basis:33.33%\"><div class=\"wp-block-image is-style-rounded\">\n<figure class=\"aligncenter size-large\"><img decoding=\"async\" width=\"1024\" height=\"768\" data-src=\"https:\/\/juvigo.pt\/revista\/wp-content\/uploads\/2024\/07\/paulo-APCC-1024x768.jpeg\" alt=\"\" class=\"wp-image-8924 lazyload\" style=\"--smush-placeholder-width: 1024px; --smush-placeholder-aspect-ratio: 1024\/768;aspect-ratio:1;object-fit:cover\" data-srcset=\"https:\/\/juvigo.pt\/revista\/wp-content\/uploads\/2024\/07\/paulo-APCC-1024x768.jpeg 1024w, https:\/\/juvigo.pt\/revista\/wp-content\/uploads\/2024\/07\/paulo-APCC-300x225.jpeg 300w, https:\/\/juvigo.pt\/revista\/wp-content\/uploads\/2024\/07\/paulo-APCC-768x576.jpeg 768w, https:\/\/juvigo.pt\/revista\/wp-content\/uploads\/2024\/07\/paulo-APCC-1536x1152.jpeg 1536w, https:\/\/juvigo.pt\/revista\/wp-content\/uploads\/2024\/07\/paulo-APCC-600x450.jpeg 600w, https:\/\/juvigo.pt\/revista\/wp-content\/uploads\/2024\/07\/paulo-APCC-800x600.jpeg 800w, https:\/\/juvigo.pt\/revista\/wp-content\/uploads\/2024\/07\/paulo-APCC-141x106.jpeg 141w, https:\/\/juvigo.pt\/revista\/wp-content\/uploads\/2024\/07\/paulo-APCC-380x285.jpeg 380w, https:\/\/juvigo.pt\/revista\/wp-content\/uploads\/2024\/07\/paulo-APCC-247x186.jpeg 247w, https:\/\/juvigo.pt\/revista\/wp-content\/uploads\/2024\/07\/paulo-APCC.jpeg 1600w\" data-sizes=\"(max-width: 1024px) 100vw, 1024px\" src=\"data:image\/gif;base64,R0lGODlhAQABAAAAACH5BAEKAAEALAAAAAABAAEAAAICTAEAOw==\" \/><\/figure><\/div><\/div>\n\n\n\n<div class=\"wp-block-column is-vertically-aligned-center is-layout-flow wp-block-column-is-layout-flow\" style=\"flex-basis:66.66%\">\n<p>Estamos muito satisfeitos com a parceria APCC \u2013 Juvigo, iniciada em 2022. Ajudaram-nos a ampliar significativamente a divulga\u00e7\u00e3o dos nossos Campos de F\u00e9rias com resultado positivo no n\u00famero de participantes nestas atividades. Contamos continuar a colaborar com a Juvigo nas atividades que venhamos a organizar em 2023.<\/p>\n\n\n\n<p><em>Paulo Caramujo, Diretor APCC<\/em><\/p>\n<\/div>\n<\/div>\n\n\n\n<div style=\"height:50px\" aria-hidden=\"true\" class=\"wp-block-spacer\"><\/div>\n\n\n\n<div class=\"wp-block-columns is-layout-flex wp-container-core-columns-is-layout-11 wp-block-columns-is-layout-flex\">\n<div class=\"wp-block-column is-vertically-aligned-center is-layout-flow wp-block-column-is-layout-flow\" style=\"flex-basis:66.66%\">\n<p>Come\u00e7\u00e1mos a trabalhar com a Juvigo atrav\u00e9s da The Water Ski Academy apenas h\u00e1 um ano mas sem qualquer d\u00favida \u00e9 uma parceria que vamos querer manter. Ajudaram-nos, sem d\u00favida, a chegar mais longe e a p\u00fablicos que de outra forma poder\u00edamos n\u00e3o ter acesso. O Miguel \u00e9 uma pessoa de um trato louv\u00e1vel, super preocupado e cujo acompanhamento, quer para n\u00f3s quer com os encarregados de educa\u00e7\u00e3o, extraordin\u00e1rio. Somos parceiros de muitas entidades, mas sem d\u00favida a Juvigo destaca-se pelo seu profissionalismo, acompanhamento e compet\u00eancia. Esperamos manter esta rela\u00e7\u00e3o de proximidade de forma a conseguirmos todos prestar o melhor servi\u00e7o poss\u00edvel aos nossos clientes. Obrigada a toda a equipa, especial obrigada ao Miguel.<\/p>\n\n\n\n<p><em>Maria Ramalho, Fundadora The Water Ski Academy<\/em><\/p>\n<\/div>\n\n\n\n<div class=\"wp-block-column is-vertically-aligned-center is-layout-flow wp-block-column-is-layout-flow\" style=\"flex-basis:33.33%\"><div class=\"wp-block-image is-style-rounded\">\n<figure class=\"aligncenter size-large\"><img decoding=\"async\" width=\"1024\" height=\"844\" data-src=\"https:\/\/juvigo.pt\/revista\/wp-content\/uploads\/2024\/07\/Water-ski-academy-1024x844.jpeg\" alt=\"\" class=\"wp-image-8925 lazyload\" style=\"--smush-placeholder-width: 1024px; --smush-placeholder-aspect-ratio: 1024\/844;aspect-ratio:1;object-fit:cover\" data-srcset=\"https:\/\/juvigo.pt\/revista\/wp-content\/uploads\/2024\/07\/Water-ski-academy-1024x844.jpeg 1024w, https:\/\/juvigo.pt\/revista\/wp-content\/uploads\/2024\/07\/Water-ski-academy-300x247.jpeg 300w, https:\/\/juvigo.pt\/revista\/wp-content\/uploads\/2024\/07\/Water-ski-academy-768x633.jpeg 768w, https:\/\/juvigo.pt\/revista\/wp-content\/uploads\/2024\/07\/Water-ski-academy-600x494.jpeg 600w, https:\/\/juvigo.pt\/revista\/wp-content\/uploads\/2024\/07\/Water-ski-academy-800x659.jpeg 800w, https:\/\/juvigo.pt\/revista\/wp-content\/uploads\/2024\/07\/Water-ski-academy.jpeg 1262w\" data-sizes=\"(max-width: 1024px) 100vw, 1024px\" src=\"data:image\/gif;base64,R0lGODlhAQABAAAAACH5BAEKAAEALAAAAAABAAEAAAICTAEAOw==\" \/><\/figure><\/div><\/div>\n<\/div>\n\n\n\n<div style=\"height:50px\" aria-hidden=\"true\" class=\"wp-block-spacer\"><\/div>\n\n\n\n<div class=\"wp-block-columns is-layout-flex wp-container-core-columns-is-layout-12 wp-block-columns-is-layout-flex\">\n<div class=\"wp-block-column is-vertically-aligned-center is-layout-flow wp-block-column-is-layout-flow\" style=\"flex-basis:33.33%\"><div class=\"wp-block-image is-style-rounded\">\n<figure class=\"aligncenter size-full\"><img decoding=\"async\" width=\"361\" height=\"362\" data-src=\"https:\/\/juvigo.pt\/revista\/wp-content\/uploads\/2024\/07\/Antonio-Malveiro-YMCA.jpg\" alt=\"\" class=\"wp-image-8927 lazyload\" style=\"--smush-placeholder-width: 361px; --smush-placeholder-aspect-ratio: 361\/362;aspect-ratio:1;object-fit:cover\" data-srcset=\"https:\/\/juvigo.pt\/revista\/wp-content\/uploads\/2024\/07\/Antonio-Malveiro-YMCA.jpg 361w, https:\/\/juvigo.pt\/revista\/wp-content\/uploads\/2024\/07\/Antonio-Malveiro-YMCA-300x300.jpg 300w, https:\/\/juvigo.pt\/revista\/wp-content\/uploads\/2024\/07\/Antonio-Malveiro-YMCA-150x150.jpg 150w, https:\/\/juvigo.pt\/revista\/wp-content\/uploads\/2024\/07\/Antonio-Malveiro-YMCA-278x278.jpg 278w, https:\/\/juvigo.pt\/revista\/wp-content\/uploads\/2024\/07\/Antonio-Malveiro-YMCA-247x247.jpg 247w\" data-sizes=\"(max-width: 361px) 100vw, 361px\" src=\"data:image\/gif;base64,R0lGODlhAQABAAAAACH5BAEKAAEALAAAAAABAAEAAAICTAEAOw==\" \/><\/figure><\/div><\/div>\n\n\n\n<div class=\"wp-block-column is-vertically-aligned-center is-layout-flow wp-block-column-is-layout-flow\" style=\"flex-basis:66.66%\">\n<p>A YMCA Set\u00fabal juntou-se \u00e0 Juvigo em 2021, e o trabalho desenvolvido superou as expectativas que t\u00ednhamos em rela\u00e7\u00e3o \u00e0 aquisi\u00e7\u00e3o de novos clientes, qualidade da informa\u00e7\u00e3o prestada \u00e0s fam\u00edlias na resolu\u00e7\u00e3o de d\u00favidas. A todo o momento sentimos que estamos a trabalhar com uma empresa com elevado sentido \u00e9tico. Obrigado, ao Miguel Matos e demais equipa.<\/p>\n\n\n\n<p><em>Ant\u00f3nio Malveiro, Coordena\u00e7\u00e3o de Marketing da YMCA Set\u00fabal<\/em><\/p>\n<\/div>\n<\/div>\n\n\n\n<div style=\"height:50px\" aria-hidden=\"true\" class=\"wp-block-spacer\"><\/div>\n\n\n\n<div class=\"wp-block-columns is-layout-flex wp-container-core-columns-is-layout-13 wp-block-columns-is-layout-flex\">\n<div class=\"wp-block-column is-vertically-aligned-center is-layout-flow wp-block-column-is-layout-flow\" style=\"flex-basis:66.66%\">\n<p>Somos parceiros da Juvigo desde 2021. Sendo o primeiro ano de colabora\u00e7\u00e3o entre a nossa empresa Gota Dagua Surf e a Juvigo, devemos salientar a disponibilidade e a proximidade entre a equipa da Juvigo e a nossa equipa, com especial agradecimento para o Miguel. Acreditamos na mesma filosofia e desejamos poder colaborar muitos mais anos com a plataforma de reservas Juvigo , oferecendo campos de f\u00e9rias surf com programas atrativos e diversificados apostando sempre na qualidade. Obrigado JUVIGO<\/p>\n\n\n\n<p><em>Ricardo Carvalho, Fundador do Gota Dagua Junior Surf Camp<\/em><\/p>\n<\/div>\n\n\n\n<div class=\"wp-block-column is-vertically-aligned-center is-layout-flow wp-block-column-is-layout-flow\" style=\"flex-basis:33.33%\"><div class=\"wp-block-image is-style-rounded\">\n<figure class=\"aligncenter size-large\"><img decoding=\"async\" width=\"1024\" height=\"682\" data-src=\"https:\/\/juvigo.pt\/revista\/wp-content\/uploads\/2024\/07\/154243749_2522561897868206_7827750466825599395_n-1024x682.jpeg\" alt=\"\" class=\"wp-image-8929 lazyload\" style=\"--smush-placeholder-width: 1024px; --smush-placeholder-aspect-ratio: 1024\/682;aspect-ratio:1;object-fit:cover\" data-srcset=\"https:\/\/juvigo.pt\/revista\/wp-content\/uploads\/2024\/07\/154243749_2522561897868206_7827750466825599395_n-1024x682.jpeg 1024w, https:\/\/juvigo.pt\/revista\/wp-content\/uploads\/2024\/07\/154243749_2522561897868206_7827750466825599395_n-300x200.jpeg 300w, https:\/\/juvigo.pt\/revista\/wp-content\/uploads\/2024\/07\/154243749_2522561897868206_7827750466825599395_n-768x512.jpeg 768w, https:\/\/juvigo.pt\/revista\/wp-content\/uploads\/2024\/07\/154243749_2522561897868206_7827750466825599395_n-600x400.jpeg 600w, https:\/\/juvigo.pt\/revista\/wp-content\/uploads\/2024\/07\/154243749_2522561897868206_7827750466825599395_n-800x533.jpeg 800w, https:\/\/juvigo.pt\/revista\/wp-content\/uploads\/2024\/07\/154243749_2522561897868206_7827750466825599395_n-227x152.jpeg 227w, https:\/\/juvigo.pt\/revista\/wp-content\/uploads\/2024\/07\/154243749_2522561897868206_7827750466825599395_n-143x96.jpeg 143w, https:\/\/juvigo.pt\/revista\/wp-content\/uploads\/2024\/07\/154243749_2522561897868206_7827750466825599395_n-585x390.jpeg 585w, https:\/\/juvigo.pt\/revista\/wp-content\/uploads\/2024\/07\/154243749_2522561897868206_7827750466825599395_n-385x257.jpeg 385w, https:\/\/juvigo.pt\/revista\/wp-content\/uploads\/2024\/07\/154243749_2522561897868206_7827750466825599395_n.jpeg 1280w\" data-sizes=\"(max-width: 1024px) 100vw, 1024px\" src=\"data:image\/gif;base64,R0lGODlhAQABAAAAACH5BAEKAAEALAAAAAABAAEAAAICTAEAOw==\" \/><\/figure><\/div><\/div>\n<\/div>\n\n\n\n<div style=\"height:50px\" aria-hidden=\"true\" class=\"wp-block-spacer\"><\/div>\n\n\n\n<div class=\"wp-block-columns is-layout-flex wp-container-core-columns-is-layout-14 wp-block-columns-is-layout-flex\">\n<div class=\"wp-block-column is-vertically-aligned-center is-layout-flow wp-block-column-is-layout-flow\" style=\"flex-basis:33.33%\"><div class=\"wp-block-image is-style-rounded\">\n<figure class=\"aligncenter size-full\"><img decoding=\"async\" width=\"408\" height=\"490\" data-src=\"https:\/\/juvigo.pt\/revista\/wp-content\/uploads\/2024\/07\/Antonio_English_Quest_Camps.jpg\" alt=\"\" class=\"wp-image-8932 lazyload\" style=\"--smush-placeholder-width: 408px; --smush-placeholder-aspect-ratio: 408\/490;aspect-ratio:1;object-fit:cover\" data-srcset=\"https:\/\/juvigo.pt\/revista\/wp-content\/uploads\/2024\/07\/Antonio_English_Quest_Camps.jpg 408w, https:\/\/juvigo.pt\/revista\/wp-content\/uploads\/2024\/07\/Antonio_English_Quest_Camps-250x300.jpg 250w\" data-sizes=\"(max-width: 408px) 100vw, 408px\" src=\"data:image\/gif;base64,R0lGODlhAQABAAAAACH5BAEKAAEALAAAAAABAAEAAAICTAEAOw==\" \/><\/figure><\/div><\/div>\n\n\n\n<div class=\"wp-block-column is-vertically-aligned-center is-layout-flow wp-block-column-is-layout-flow\" style=\"flex-basis:66.66%\">\n<p>A pleasure collaborating with Juvigo as our partner in various European countries. From year one we managed to get bookings and work smoothly through the process of bookings and payments. Thank you for your efficient and effective communication and understanding of our policies and procedures.<\/p>\n\n\n\n<p><em>Antonio Vanezis, Director of English Quest Camps<\/em><\/p>\n<\/div>\n<\/div>\n\n\n\n<div style=\"height:50px\" aria-hidden=\"true\" class=\"wp-block-spacer\"><\/div>\n\n\n\n<div class=\"wp-block-columns is-layout-flex wp-container-core-columns-is-layout-15 wp-block-columns-is-layout-flex\">\n<div class=\"wp-block-column is-vertically-aligned-center is-layout-flow wp-block-column-is-layout-flow\" style=\"flex-basis:66.66%\">\n<p>A parceria com a Juvigo ajudou-nos a ter uma maior divulga\u00e7\u00e3o dos nossos Campos de F\u00e9rias. Ao Miguel o nosso obrigada pela simpatia, paci\u00eancia e acima de tudo sinceridade com o cliente. Uma plataforma simples e pr\u00e1tica que ajuda os pais a terem confian\u00e7a nas suas escolhas para os seus filhos.<\/p>\n\n\n\n<p><em>Cl\u00e1udia Gon\u00e7alves, Respons\u00e1vel, Escola Equestre de Aveiro<\/em><\/p>\n<\/div>\n\n\n\n<div class=\"wp-block-column is-vertically-aligned-center is-layout-flow wp-block-column-is-layout-flow\" style=\"flex-basis:33.33%\"><div class=\"wp-block-image\">\n<figure class=\"aligncenter size-full\"><img decoding=\"async\" width=\"841\" height=\"674\" data-src=\"https:\/\/juvigo.pt\/revista\/wp-content\/uploads\/2024\/07\/escola-equestre-aveiro.jpeg\" alt=\"\" class=\"wp-image-8933 lazyload\" data-srcset=\"https:\/\/juvigo.pt\/revista\/wp-content\/uploads\/2024\/07\/escola-equestre-aveiro.jpeg 841w, https:\/\/juvigo.pt\/revista\/wp-content\/uploads\/2024\/07\/escola-equestre-aveiro-300x240.jpeg 300w, https:\/\/juvigo.pt\/revista\/wp-content\/uploads\/2024\/07\/escola-equestre-aveiro-768x615.jpeg 768w, https:\/\/juvigo.pt\/revista\/wp-content\/uploads\/2024\/07\/escola-equestre-aveiro-600x481.jpeg 600w, https:\/\/juvigo.pt\/revista\/wp-content\/uploads\/2024\/07\/escola-equestre-aveiro-800x641.jpeg 800w\" data-sizes=\"(max-width: 841px) 100vw, 841px\" src=\"data:image\/gif;base64,R0lGODlhAQABAAAAACH5BAEKAAEALAAAAAABAAEAAAICTAEAOw==\" style=\"--smush-placeholder-width: 841px; --smush-placeholder-aspect-ratio: 841\/674;\" \/><\/figure><\/div><\/div>\n<\/div>\n\n\n\n<div style=\"height:50px\" aria-hidden=\"true\" class=\"wp-block-spacer\"><\/div>\n\n\n\n<div class=\"wp-block-columns is-layout-flex wp-container-core-columns-is-layout-16 wp-block-columns-is-layout-flex\">\n<div class=\"wp-block-column is-vertically-aligned-center is-layout-flow wp-block-column-is-layout-flow\" style=\"flex-basis:33.33%\"><div class=\"wp-block-image is-style-rounded\">\n<figure class=\"aligncenter size-large\"><img decoding=\"async\" width=\"855\" height=\"1024\" data-src=\"https:\/\/juvigo.pt\/revista\/wp-content\/uploads\/2024\/07\/parque-aventura-sniper-855x1024.jpeg\" alt=\"\" class=\"wp-image-8934 lazyload\" style=\"--smush-placeholder-width: 855px; --smush-placeholder-aspect-ratio: 855\/1024;aspect-ratio:1;object-fit:cover\" data-srcset=\"https:\/\/juvigo.pt\/revista\/wp-content\/uploads\/2024\/07\/parque-aventura-sniper-855x1024.jpeg 855w, https:\/\/juvigo.pt\/revista\/wp-content\/uploads\/2024\/07\/parque-aventura-sniper-250x300.jpeg 250w, https:\/\/juvigo.pt\/revista\/wp-content\/uploads\/2024\/07\/parque-aventura-sniper-768x920.jpeg 768w, https:\/\/juvigo.pt\/revista\/wp-content\/uploads\/2024\/07\/parque-aventura-sniper-600x719.jpeg 600w, https:\/\/juvigo.pt\/revista\/wp-content\/uploads\/2024\/07\/parque-aventura-sniper-800x958.jpeg 800w, https:\/\/juvigo.pt\/revista\/wp-content\/uploads\/2024\/07\/parque-aventura-sniper.jpeg 1142w\" data-sizes=\"(max-width: 855px) 100vw, 855px\" src=\"data:image\/gif;base64,R0lGODlhAQABAAAAACH5BAEKAAEALAAAAAABAAEAAAICTAEAOw==\" \/><\/figure><\/div><\/div>\n\n\n\n<div class=\"wp-block-column is-vertically-aligned-center is-layout-flow wp-block-column-is-layout-flow\" style=\"flex-basis:66.66%\">\n<p>Trabalh\u00e1mos com a Juvigo durante o ver\u00e3o de 2021 e esperamos prolongar esta parceria por muito tempo. Mais do que um parceiro de neg\u00f3cios, o Miguel desenvolveu um trabalho muito personalizado e adaptado, sendo um elo de liga\u00e7\u00e3o incans\u00e1vel entre a Sniper e os pais. Obrigado Juvigo e obrigado Miguel.<\/p>\n\n\n\n<p><em>Filipa Job, Coordenadora dos Campos de F\u00e9rias do Parque de Aventura Sniper<\/em><\/p>\n<\/div>\n<\/div>\n\n\n\n<div style=\"height:50px\" aria-hidden=\"true\" class=\"wp-block-spacer\"><\/div>\n\n\n\n<div class=\"wp-block-columns is-layout-flex wp-container-core-columns-is-layout-17 wp-block-columns-is-layout-flex\">\n<div class=\"wp-block-column is-vertically-aligned-center is-layout-flow wp-block-column-is-layout-flow\" style=\"flex-basis:66.66%\">\n<p>A aposta na parceria com a Juvigo foi sem d\u00favida uma mais valia para a Roda Viva! Desde o in\u00edcio que desenvolvemos uma rela\u00e7\u00e3o de confian\u00e7a e transpar\u00eancia que nos faz querer, sem d\u00favida, repetir a experi\u00eancia para o pr\u00f3ximo ano! Um obrigado em especial ao Miguel pela sua incans\u00e1vel dedica\u00e7\u00e3o e profissionalismo.<\/p>\n\n\n\n<p><em>Mariana e Jota, Diretores da Roda-Viva<\/em><\/p>\n<\/div>\n\n\n\n<div class=\"wp-block-column is-vertically-aligned-center is-layout-flow wp-block-column-is-layout-flow\" style=\"flex-basis:33.33%\"><div class=\"wp-block-image is-style-rounded\">\n<figure class=\"aligncenter size-large\"><img decoding=\"async\" width=\"1024\" height=\"819\" data-src=\"https:\/\/juvigo.pt\/revista\/wp-content\/uploads\/2024\/07\/roda-viva-1024x819.jpg\" alt=\"\" class=\"wp-image-8935 lazyload\" style=\"--smush-placeholder-width: 1024px; --smush-placeholder-aspect-ratio: 1024\/819;aspect-ratio:1;object-fit:cover\" data-srcset=\"https:\/\/juvigo.pt\/revista\/wp-content\/uploads\/2024\/07\/roda-viva-1024x819.jpg 1024w, https:\/\/juvigo.pt\/revista\/wp-content\/uploads\/2024\/07\/roda-viva-300x240.jpg 300w, https:\/\/juvigo.pt\/revista\/wp-content\/uploads\/2024\/07\/roda-viva-768x614.jpg 768w, https:\/\/juvigo.pt\/revista\/wp-content\/uploads\/2024\/07\/roda-viva-1536x1229.jpg 1536w, https:\/\/juvigo.pt\/revista\/wp-content\/uploads\/2024\/07\/roda-viva-1920x1536.jpg 1920w, https:\/\/juvigo.pt\/revista\/wp-content\/uploads\/2024\/07\/roda-viva-600x480.jpg 600w, https:\/\/juvigo.pt\/revista\/wp-content\/uploads\/2024\/07\/roda-viva-800x640.jpg 800w, https:\/\/juvigo.pt\/revista\/wp-content\/uploads\/2024\/07\/roda-viva.jpg 2000w\" data-sizes=\"(max-width: 1024px) 100vw, 1024px\" src=\"data:image\/gif;base64,R0lGODlhAQABAAAAACH5BAEKAAEALAAAAAABAAEAAAICTAEAOw==\" \/><\/figure><\/div><\/div>\n<\/div>\n\n\n\n<div style=\"height:50px\" aria-hidden=\"true\" class=\"wp-block-spacer\"><\/div>\n\n\n\n<div class=\"wp-block-columns is-layout-flex wp-container-core-columns-is-layout-18 wp-block-columns-is-layout-flex\">\n<div class=\"wp-block-column is-vertically-aligned-center is-layout-flow wp-block-column-is-layout-flow\" style=\"flex-basis:33.33%\"><div class=\"wp-block-image is-style-rounded\">\n<figure class=\"aligncenter size-large\"><img decoding=\"async\" width=\"834\" height=\"1024\" data-src=\"https:\/\/juvigo.pt\/revista\/wp-content\/uploads\/2024\/07\/upaje-vera-834x1024.jpeg\" alt=\"\" class=\"wp-image-8937 lazyload\" style=\"--smush-placeholder-width: 834px; --smush-placeholder-aspect-ratio: 834\/1024;aspect-ratio:1;object-fit:cover\" data-srcset=\"https:\/\/juvigo.pt\/revista\/wp-content\/uploads\/2024\/07\/upaje-vera-834x1024.jpeg 834w, https:\/\/juvigo.pt\/revista\/wp-content\/uploads\/2024\/07\/upaje-vera-244x300.jpeg 244w, https:\/\/juvigo.pt\/revista\/wp-content\/uploads\/2024\/07\/upaje-vera-768x942.jpeg 768w, https:\/\/juvigo.pt\/revista\/wp-content\/uploads\/2024\/07\/upaje-vera-600x736.jpeg 600w, https:\/\/juvigo.pt\/revista\/wp-content\/uploads\/2024\/07\/upaje-vera-800x982.jpeg 800w, https:\/\/juvigo.pt\/revista\/wp-content\/uploads\/2024\/07\/upaje-vera.jpeg 854w\" data-sizes=\"(max-width: 834px) 100vw, 834px\" src=\"data:image\/gif;base64,R0lGODlhAQABAAAAACH5BAEKAAEALAAAAAABAAEAAAICTAEAOw==\" \/><\/figure><\/div><\/div>\n\n\n\n<div class=\"wp-block-column is-vertically-aligned-center is-layout-flow wp-block-column-is-layout-flow\" style=\"flex-basis:66.66%\">\n<p>A parceria estabelecida em 2021 entre a UPAJE, atrav\u00e9s do projeto Summerpolis, e a JUVIGO acabou por superar as expectativas iniciais. Na JUVIGO encontramos uma equipa que preza o profissionalismo e o rigor em tudo o que faz. A comunica\u00e7\u00e3o com o Miguel foi sempre muito f\u00e1cil, estando sempre dispon\u00edvel para qualquer quest\u00e3o que fosse necess\u00e1ria. Esperamos poder contar com esta parceria para os pr\u00f3ximos anos.<\/p>\n\n\n\n<p><em>Vera Fernandes, Presidente da UPAJE<\/em><\/p>\n<\/div>\n<\/div>\n\n\n\n<div style=\"height:50px\" aria-hidden=\"true\" class=\"wp-block-spacer\"><\/div>\n\n\n\n<div class=\"wp-block-columns is-layout-flex wp-container-core-columns-is-layout-19 wp-block-columns-is-layout-flex\">\n<div class=\"wp-block-column is-vertically-aligned-center is-layout-flow wp-block-column-is-layout-flow\" style=\"flex-basis:66.66%\">\n<p>A PuraVida iniciou a parceria com a Juvigo em 2021, desde do primeiro contacto, sentimos uma enorme facilidade na comunica\u00e7\u00e3o e na resolu\u00e7\u00e3o das necessidades, gra\u00e7as ao profissionalismo e simpatia do Miguel, sempre dispon\u00edvel! A Juvigo superou as nossas expectativas como parceiro, a n\u00edvel de reservas, no desempenho e na rela\u00e7\u00e3o profissional. Obrigado \u00e0 Juvigo e ao Miguel pelo excelente trabalho!<\/p>\n\n\n\n<p><em>Crist\u00f3v\u00e3o Catarino, Propriet\u00e1rio PuraVida Divehouse<\/em><\/p>\n<\/div>\n\n\n\n<div class=\"wp-block-column is-vertically-aligned-center is-layout-flow wp-block-column-is-layout-flow\" style=\"flex-basis:33.33%\"><div class=\"wp-block-image is-style-rounded\">\n<figure class=\"aligncenter size-large\"><img decoding=\"async\" width=\"768\" height=\"1024\" data-src=\"https:\/\/juvigo.pt\/revista\/wp-content\/uploads\/2024\/07\/c556cf3e-14f0-4c7b-a3dd-74b2f3802180-768x1024.jpg\" alt=\"\" class=\"wp-image-8939 lazyload\" style=\"--smush-placeholder-width: 768px; --smush-placeholder-aspect-ratio: 768\/1024;aspect-ratio:1;object-fit:cover\" data-srcset=\"https:\/\/juvigo.pt\/revista\/wp-content\/uploads\/2024\/07\/c556cf3e-14f0-4c7b-a3dd-74b2f3802180-768x1024.jpg 768w, https:\/\/juvigo.pt\/revista\/wp-content\/uploads\/2024\/07\/c556cf3e-14f0-4c7b-a3dd-74b2f3802180-225x300.jpg 225w, https:\/\/juvigo.pt\/revista\/wp-content\/uploads\/2024\/07\/c556cf3e-14f0-4c7b-a3dd-74b2f3802180-1152x1536.jpg 1152w, https:\/\/juvigo.pt\/revista\/wp-content\/uploads\/2024\/07\/c556cf3e-14f0-4c7b-a3dd-74b2f3802180-600x800.jpg 600w, https:\/\/juvigo.pt\/revista\/wp-content\/uploads\/2024\/07\/c556cf3e-14f0-4c7b-a3dd-74b2f3802180-800x1067.jpg 800w, https:\/\/juvigo.pt\/revista\/wp-content\/uploads\/2024\/07\/c556cf3e-14f0-4c7b-a3dd-74b2f3802180-380x507.jpg 380w, https:\/\/juvigo.pt\/revista\/wp-content\/uploads\/2024\/07\/c556cf3e-14f0-4c7b-a3dd-74b2f3802180-247x330.jpg 247w, https:\/\/juvigo.pt\/revista\/wp-content\/uploads\/2024\/07\/c556cf3e-14f0-4c7b-a3dd-74b2f3802180-278x371.jpg 278w, https:\/\/juvigo.pt\/revista\/wp-content\/uploads\/2024\/07\/c556cf3e-14f0-4c7b-a3dd-74b2f3802180.jpg 1200w\" data-sizes=\"(max-width: 768px) 100vw, 768px\" src=\"data:image\/gif;base64,R0lGODlhAQABAAAAACH5BAEKAAEALAAAAAABAAEAAAICTAEAOw==\" \/><\/figure><\/div><\/div>\n<\/div>\n\n\n\n<div style=\"height:50px\" aria-hidden=\"true\" class=\"wp-block-spacer\"><\/div>\n\n\n\n<div class=\"wp-block-columns is-layout-flex wp-container-core-columns-is-layout-20 wp-block-columns-is-layout-flex\">\n<div class=\"wp-block-column is-vertically-aligned-center is-layout-flow wp-block-column-is-layout-flow\" style=\"flex-basis:33.33%\"><div class=\"wp-block-image is-style-rounded\">\n<figure class=\"aligncenter size-large\"><img decoding=\"async\" width=\"1019\" height=\"1024\" data-src=\"https:\/\/juvigo.pt\/revista\/wp-content\/uploads\/2024\/07\/bruno-barros-1019x1024.jpg\" alt=\"\" class=\"wp-image-8940 lazyload\" style=\"--smush-placeholder-width: 1019px; --smush-placeholder-aspect-ratio: 1019\/1024;aspect-ratio:1;object-fit:cover\" data-srcset=\"https:\/\/juvigo.pt\/revista\/wp-content\/uploads\/2024\/07\/bruno-barros-1019x1024.jpg 1019w, https:\/\/juvigo.pt\/revista\/wp-content\/uploads\/2024\/07\/bruno-barros-298x300.jpg 298w, https:\/\/juvigo.pt\/revista\/wp-content\/uploads\/2024\/07\/bruno-barros-150x150.jpg 150w, https:\/\/juvigo.pt\/revista\/wp-content\/uploads\/2024\/07\/bruno-barros-768x772.jpg 768w, https:\/\/juvigo.pt\/revista\/wp-content\/uploads\/2024\/07\/bruno-barros-600x603.jpg 600w, https:\/\/juvigo.pt\/revista\/wp-content\/uploads\/2024\/07\/bruno-barros-800x804.jpg 800w, https:\/\/juvigo.pt\/revista\/wp-content\/uploads\/2024\/07\/bruno-barros-278x278.jpg 278w, https:\/\/juvigo.pt\/revista\/wp-content\/uploads\/2024\/07\/bruno-barros-247x247.jpg 247w, https:\/\/juvigo.pt\/revista\/wp-content\/uploads\/2024\/07\/bruno-barros.jpg 1118w\" data-sizes=\"(max-width: 1019px) 100vw, 1019px\" src=\"data:image\/gif;base64,R0lGODlhAQABAAAAACH5BAEKAAEALAAAAAABAAEAAAICTAEAOw==\" \/><\/figure><\/div><\/div>\n\n\n\n<div class=\"wp-block-column is-vertically-aligned-center is-layout-flow wp-block-column-is-layout-flow\" style=\"flex-basis:66.66%\">\n<p>A Juvigo \u00e9 um parceiro com clareza e efici\u00eancia no acompanhamento dos processos de marca\u00e7\u00e3o e informa\u00e7\u00e3o, possuindo uma vasta experi\u00eancia na otimiza\u00e7\u00e3o de programas direcionados a crian\u00e7as e jovens. \u00c9 com entusiasmo que partilhamos a responsabilidade de organiza\u00e7\u00e3o do Campo Equestre com a Juvigo, na certeza de que os nossos\/as cavaleiros\/as, ter\u00e3o uma experi\u00eancia enriquecedora, que os ir\u00e1 marcar para o resto da vida.<\/p>\n\n\n\n<p><em>Bruno Barros, Propriet\u00e1rio do Clube H\u00edpico do Norte<\/em><\/p>\n<\/div>\n<\/div>\n\n\n\n<div style=\"height:50px\" aria-hidden=\"true\" class=\"wp-block-spacer\"><\/div>\n\n\n\n<div class=\"wp-block-columns is-layout-flex wp-container-core-columns-is-layout-21 wp-block-columns-is-layout-flex\">\n<div class=\"wp-block-column is-vertically-aligned-center is-layout-flow wp-block-column-is-layout-flow\" style=\"flex-basis:66.66%\">\n<p>A parceria com a Juvigo e as Parchanas foi altamente construtiva ao longo do ver\u00e3o. Permite-nos saber que podemos crescer e consolidar de uma melhor forma o nosso precioso projecto na \u00e1rea dos campos de f\u00e9rias. A Juvigo mostrou-se respons\u00e1vel e excelente parceira na \u00e1rea de divulga\u00e7\u00e3o e de acompanhamento a todos os novos clientes que atrav\u00e9s dela nos encontraram. Esperamos pelos pr\u00f3ximos anos com excelente expectativa.<\/p>\n\n\n\n<p><em>Frederico Albuquerque d&#8217;Orey, Diretor da Herdade das Parchanas<\/em><\/p>\n<\/div>\n\n\n\n<div class=\"wp-block-column is-vertically-aligned-center is-layout-flow wp-block-column-is-layout-flow\" style=\"flex-basis:33.33%\"><div class=\"wp-block-image is-style-rounded\">\n<figure class=\"aligncenter size-large\"><img decoding=\"async\" width=\"1024\" height=\"685\" data-src=\"https:\/\/juvigo.pt\/revista\/wp-content\/uploads\/2024\/07\/oie_68158A9wpu2qC-1024x685.jpg\" alt=\"\" class=\"wp-image-8943 lazyload\" style=\"--smush-placeholder-width: 1024px; --smush-placeholder-aspect-ratio: 1024\/685;aspect-ratio:1;object-fit:cover\" data-srcset=\"https:\/\/juvigo.pt\/revista\/wp-content\/uploads\/2024\/07\/oie_68158A9wpu2qC-1024x685.jpg 1024w, https:\/\/juvigo.pt\/revista\/wp-content\/uploads\/2024\/07\/oie_68158A9wpu2qC-300x201.jpg 300w, https:\/\/juvigo.pt\/revista\/wp-content\/uploads\/2024\/07\/oie_68158A9wpu2qC-768x514.jpg 768w, https:\/\/juvigo.pt\/revista\/wp-content\/uploads\/2024\/07\/oie_68158A9wpu2qC-1536x1028.jpg 1536w, https:\/\/juvigo.pt\/revista\/wp-content\/uploads\/2024\/07\/oie_68158A9wpu2qC-1920x1285.jpg 1920w, https:\/\/juvigo.pt\/revista\/wp-content\/uploads\/2024\/07\/oie_68158A9wpu2qC-600x402.jpg 600w, https:\/\/juvigo.pt\/revista\/wp-content\/uploads\/2024\/07\/oie_68158A9wpu2qC-800x536.jpg 800w, https:\/\/juvigo.pt\/revista\/wp-content\/uploads\/2024\/07\/oie_68158A9wpu2qC-227x152.jpg 227w, https:\/\/juvigo.pt\/revista\/wp-content\/uploads\/2024\/07\/oie_68158A9wpu2qC-143x96.jpg 143w, https:\/\/juvigo.pt\/revista\/wp-content\/uploads\/2024\/07\/oie_68158A9wpu2qC-585x390.jpg 585w, https:\/\/juvigo.pt\/revista\/wp-content\/uploads\/2024\/07\/oie_68158A9wpu2qC-385x257.jpg 385w, https:\/\/juvigo.pt\/revista\/wp-content\/uploads\/2024\/07\/oie_68158A9wpu2qC.jpg 1936w\" data-sizes=\"(max-width: 1024px) 100vw, 1024px\" src=\"data:image\/gif;base64,R0lGODlhAQABAAAAACH5BAEKAAEALAAAAAABAAEAAAICTAEAOw==\" \/><\/figure><\/div><\/div>\n<\/div>\n\n\n\n<div style=\"height:50px\" aria-hidden=\"true\" class=\"wp-block-spacer\"><\/div>\n\n\n\n<div class=\"wp-block-columns is-layout-flex wp-container-core-columns-is-layout-22 wp-block-columns-is-layout-flex\">\n<div class=\"wp-block-column is-vertically-aligned-center is-layout-flow wp-block-column-is-layout-flow\" style=\"flex-basis:33.33%\"><div class=\"wp-block-image is-style-rounded\">\n<figure class=\"aligncenter size-full\"><img decoding=\"async\" width=\"711\" height=\"851\" data-src=\"https:\/\/juvigo.pt\/revista\/wp-content\/uploads\/2024\/07\/WhatsApp-Image-2021-10-11-at-17.11.22.jpeg\" alt=\"\" class=\"wp-image-8944 lazyload\" style=\"--smush-placeholder-width: 711px; --smush-placeholder-aspect-ratio: 711\/851;aspect-ratio:1;object-fit:cover\" data-srcset=\"https:\/\/juvigo.pt\/revista\/wp-content\/uploads\/2024\/07\/WhatsApp-Image-2021-10-11-at-17.11.22.jpeg 711w, https:\/\/juvigo.pt\/revista\/wp-content\/uploads\/2024\/07\/WhatsApp-Image-2021-10-11-at-17.11.22-251x300.jpeg 251w, https:\/\/juvigo.pt\/revista\/wp-content\/uploads\/2024\/07\/WhatsApp-Image-2021-10-11-at-17.11.22-600x718.jpeg 600w\" data-sizes=\"(max-width: 711px) 100vw, 711px\" src=\"data:image\/gif;base64,R0lGODlhAQABAAAAACH5BAEKAAEALAAAAAABAAEAAAICTAEAOw==\" \/><\/figure><\/div><\/div>\n\n\n\n<div class=\"wp-block-column is-vertically-aligned-center is-layout-flow wp-block-column-is-layout-flow\" style=\"flex-basis:66.66%\">\n<p>A Quinta da Escola iniciou a parceria com a Juvigo em 2021, o que permitiu que ating\u00edssemos um crescimento gradual durante este Ver\u00e3o. Esta rela\u00e7\u00e3o permitiu-nos conquistar novos clientes, que sa\u00edram satisfeitos com o projeto Quinta da Escola. A rela\u00e7\u00e3o com a Juvigo foi sempre constante e acess\u00edvel, tamb\u00e9m gra\u00e7as ao Miguel que demonstrou disponibilidade total em todos os momentos. O balan\u00e7o deste primeiro ano de parceria \u00e9 muito positivo, pelo que desejamos continuar o bom trabalho juntos muitos e bons anos. Obrigado JUVIGO!<\/p>\n\n\n\n<p><em>Rita Marques e Jorge Victorino, Coordenadores da Quinta da Escola<\/em><\/p>\n<\/div>\n<\/div>\n\n\n\n<div style=\"height:50px\" aria-hidden=\"true\" class=\"wp-block-spacer\"><\/div>\n\n\n\n<div class=\"wp-block-columns is-layout-flex wp-container-core-columns-is-layout-23 wp-block-columns-is-layout-flex\">\n<div class=\"wp-block-column is-vertically-aligned-center is-layout-flow wp-block-column-is-layout-flow\" style=\"flex-basis:66.66%\">\n<p>A parceria com a Juvigo permitiu-nos conquistar a confian\u00e7a de novos clientes para o campo de f\u00e9rias, projetando o nosso projeto para um patamar superior. A rela\u00e7\u00e3o foi sempre f\u00e1cil, sincera e cooperante o que resultou num servi\u00e7o de excel\u00eancia para os participantes. O Feedback de todos foi fant\u00e1stico e esperamos que esta seja uma parceria para muitos anos. Obrigado!<\/p>\n\n\n\n<p><em>V\u00edtor Melo, Fundador da TimeOut Aventura<\/em><\/p>\n<\/div>\n\n\n\n<div class=\"wp-block-column is-vertically-aligned-center is-layout-flow wp-block-column-is-layout-flow\" style=\"flex-basis:33.33%\"><div class=\"wp-block-image is-style-rounded\">\n<figure class=\"aligncenter size-large\"><img decoding=\"async\" width=\"1024\" height=\"1024\" data-src=\"https:\/\/juvigo.pt\/revista\/wp-content\/uploads\/2024\/07\/WhatsApp-Image-2021-09-30-at-18.50.26-1024x1024.jpeg\" alt=\"\" class=\"wp-image-8947 lazyload\" style=\"--smush-placeholder-width: 1024px; --smush-placeholder-aspect-ratio: 1024\/1024;aspect-ratio:1;object-fit:cover\" data-srcset=\"https:\/\/juvigo.pt\/revista\/wp-content\/uploads\/2024\/07\/WhatsApp-Image-2021-09-30-at-18.50.26-1024x1024.jpeg 1024w, https:\/\/juvigo.pt\/revista\/wp-content\/uploads\/2024\/07\/WhatsApp-Image-2021-09-30-at-18.50.26-300x300.jpeg 300w, https:\/\/juvigo.pt\/revista\/wp-content\/uploads\/2024\/07\/WhatsApp-Image-2021-09-30-at-18.50.26-150x150.jpeg 150w, https:\/\/juvigo.pt\/revista\/wp-content\/uploads\/2024\/07\/WhatsApp-Image-2021-09-30-at-18.50.26-768x768.jpeg 768w, https:\/\/juvigo.pt\/revista\/wp-content\/uploads\/2024\/07\/WhatsApp-Image-2021-09-30-at-18.50.26-600x600.jpeg 600w, https:\/\/juvigo.pt\/revista\/wp-content\/uploads\/2024\/07\/WhatsApp-Image-2021-09-30-at-18.50.26-800x800.jpeg 800w, https:\/\/juvigo.pt\/revista\/wp-content\/uploads\/2024\/07\/WhatsApp-Image-2021-09-30-at-18.50.26-278x278.jpeg 278w, https:\/\/juvigo.pt\/revista\/wp-content\/uploads\/2024\/07\/WhatsApp-Image-2021-09-30-at-18.50.26-247x247.jpeg 247w, https:\/\/juvigo.pt\/revista\/wp-content\/uploads\/2024\/07\/WhatsApp-Image-2021-09-30-at-18.50.26.jpeg 1280w\" data-sizes=\"(max-width: 1024px) 100vw, 1024px\" src=\"data:image\/gif;base64,R0lGODlhAQABAAAAACH5BAEKAAEALAAAAAABAAEAAAICTAEAOw==\" \/><\/figure><\/div><\/div>\n<\/div>\n\n\n\n<div style=\"height:50px\" aria-hidden=\"true\" class=\"wp-block-spacer\"><\/div>\n\n\n\n<div class=\"wp-block-columns is-layout-flex wp-container-core-columns-is-layout-24 wp-block-columns-is-layout-flex\">\n<div class=\"wp-block-column is-vertically-aligned-center is-layout-flow wp-block-column-is-layout-flow\" style=\"flex-basis:33.33%\"><div class=\"wp-block-image is-style-rounded\">\n<figure class=\"aligncenter size-large\"><img decoding=\"async\" width=\"1024\" height=\"978\" data-src=\"https:\/\/juvigo.pt\/revista\/wp-content\/uploads\/2024\/07\/oficinas-do-mundo-patricia-1024x978.jpeg\" alt=\"\" class=\"wp-image-8948 lazyload\" style=\"--smush-placeholder-width: 1024px; --smush-placeholder-aspect-ratio: 1024\/978;aspect-ratio:1;object-fit:cover\" data-srcset=\"https:\/\/juvigo.pt\/revista\/wp-content\/uploads\/2024\/07\/oficinas-do-mundo-patricia-1024x978.jpeg 1024w, https:\/\/juvigo.pt\/revista\/wp-content\/uploads\/2024\/07\/oficinas-do-mundo-patricia-300x287.jpeg 300w, https:\/\/juvigo.pt\/revista\/wp-content\/uploads\/2024\/07\/oficinas-do-mundo-patricia-768x734.jpeg 768w, https:\/\/juvigo.pt\/revista\/wp-content\/uploads\/2024\/07\/oficinas-do-mundo-patricia-1536x1467.jpeg 1536w, https:\/\/juvigo.pt\/revista\/wp-content\/uploads\/2024\/07\/oficinas-do-mundo-patricia-600x573.jpeg 600w, https:\/\/juvigo.pt\/revista\/wp-content\/uploads\/2024\/07\/oficinas-do-mundo-patricia-800x764.jpeg 800w, https:\/\/juvigo.pt\/revista\/wp-content\/uploads\/2024\/07\/oficinas-do-mundo-patricia.jpeg 1544w\" data-sizes=\"(max-width: 1024px) 100vw, 1024px\" src=\"data:image\/gif;base64,R0lGODlhAQABAAAAACH5BAEKAAEALAAAAAABAAEAAAICTAEAOw==\" \/><\/figure><\/div><\/div>\n\n\n\n<div class=\"wp-block-column is-vertically-aligned-center is-layout-flow wp-block-column-is-layout-flow\" style=\"flex-basis:66.66%\">\n<p>2022 foi o ano de lan\u00e7amento das Oficinas do Mundo e o in\u00edcio da parceria com a Juvigo. Desta parceria salientamos a simpatia e o profissionalismo tanto do Miguel como da Alexandra, sempre dispon\u00edveis para fazer a \u201cponte\u201d na informa\u00e7\u00e3o a disponibilizar aos pais, por parte das Oficinas do Mundo. Sem d\u00favida uma parceria a continuar e a crescer nos pr\u00f3ximos anos. Obrigada Juvigo!<\/p>\n\n\n\n<p><em>Patr\u00edcia Silva, Diretora das Oficinas do Mundo \u2013 Academia para a Participa\u00e7\u00e3o e Desenvolvimento Juvenil<\/em><\/p>\n<\/div>\n<\/div>\n","protected":false},"excerpt":{"rendered":"<p>O nosso trabalho existe, sobretudo, devido \u00e0 compet\u00eancia, experi\u00eancia, profissionalismo e apoio dos nossos parceiros. Apenas temos a possibilidade de oferecer sempre uma grande sele\u00e7\u00e3o dos melhores e mais baratos campos de f\u00e9rias, devido \u00e0 nossa rede de Parceiros. H\u00e1 muitos anos que constru\u00edmos uma rela\u00e7\u00e3o de confian\u00e7a e trabalhamos com associa\u00e7\u00f5es, organizadores de viagens [&hellip;]<\/p>\n","protected":false},"author":3,"featured_media":8816,"parent":0,"menu_order":0,"comment_status":"closed","ping_status":"closed","template":"","meta":{"advgb_blocks_editor_width":"","advgb_blocks_columns_visual_guide":"","footnotes":"","_links_to":"","_links_to_target":""},"categories":[],"tags":[],"class_list":["post-8898","page","type-page","status-publish","has-post-thumbnail","hentry"],"yoast_head":"<!-- This site is optimized with the Yoast SEO plugin v24.8.1 - https:\/\/yoast.com\/wordpress\/plugins\/seo\/ -->\n<title>O que os nossos Parceiros pensam sobre n\u00f3s - Juvigo Revista<\/title>\n<meta name=\"robots\" content=\"index, follow, max-snippet:-1, max-image-preview:large, max-video-preview:-1\" \/>\n<link rel=\"canonical\" href=\"https:\/\/juvigo.pt\/revista\/avaliacao-parceiros\/\" \/>\n<meta property=\"og:locale\" content=\"pt_PT\" \/>\n<meta property=\"og:type\" content=\"article\" \/>\n<meta property=\"og:title\" content=\"O que os nossos Parceiros pensam sobre n\u00f3s - Juvigo Revista\" \/>\n<meta property=\"og:description\" content=\"O nosso trabalho existe, sobretudo, devido \u00e0 compet\u00eancia, experi\u00eancia, profissionalismo e apoio dos nossos parceiros. Apenas temos a possibilidade de oferecer sempre uma grande sele\u00e7\u00e3o dos melhores e mais baratos campos de f\u00e9rias, devido \u00e0 nossa rede de Parceiros. H\u00e1 muitos anos que constru\u00edmos uma rela\u00e7\u00e3o de confian\u00e7a e trabalhamos com associa\u00e7\u00f5es, organizadores de viagens [&hellip;]\" \/>\n<meta property=\"og:url\" content=\"https:\/\/juvigo.pt\/revista\/avaliacao-parceiros\/\" \/>\n<meta property=\"og:site_name\" content=\"Juvigo Revista\" \/>\n<meta property=\"article:publisher\" content=\"https:\/\/de-de.facebook.com\/meinjuvigo\" \/>\n<meta property=\"article:modified_time\" content=\"2024-07-04T11:14:38+00:00\" \/>\n<meta property=\"og:image\" content=\"https:\/\/juvigo.pt\/revista\/wp-content\/uploads\/2024\/07\/camping-4303357_1920.jpg\" \/>\n\t<meta property=\"og:image:width\" content=\"1920\" \/>\n\t<meta property=\"og:image:height\" content=\"1080\" \/>\n\t<meta property=\"og:image:type\" content=\"image\/jpeg\" \/>\n<meta name=\"twitter:card\" content=\"summary_large_image\" \/>\n<meta name=\"twitter:site\" content=\"@meinjuvigo\" \/>\n<meta name=\"twitter:label1\" content=\"Tempo estimado de leitura\" \/>\n\t<meta name=\"twitter:data1\" content=\"16 minutos\" \/>\n<script type=\"application\/ld+json\" class=\"yoast-schema-graph\">{\"@context\":\"https:\/\/schema.org\",\"@graph\":[{\"@type\":\"WebPage\",\"@id\":\"https:\/\/juvigo.pt\/revista\/avaliacao-parceiros\/\",\"url\":\"https:\/\/juvigo.pt\/revista\/avaliacao-parceiros\/\",\"name\":\"O que os nossos Parceiros pensam sobre n\u00f3s - Juvigo Revista\",\"isPartOf\":{\"@id\":\"https:\/\/juvigo.pt\/revista\/#website\"},\"primaryImageOfPage\":{\"@id\":\"https:\/\/juvigo.pt\/revista\/avaliacao-parceiros\/#primaryimage\"},\"image\":{\"@id\":\"https:\/\/juvigo.pt\/revista\/avaliacao-parceiros\/#primaryimage\"},\"thumbnailUrl\":\"https:\/\/juvigo.pt\/revista\/wp-content\/uploads\/2024\/07\/camping-4303357_1920.jpg\",\"datePublished\":\"2024-07-04T09:31:12+00:00\",\"dateModified\":\"2024-07-04T11:14:38+00:00\",\"breadcrumb\":{\"@id\":\"https:\/\/juvigo.pt\/revista\/avaliacao-parceiros\/#breadcrumb\"},\"inLanguage\":\"pt\",\"potentialAction\":[{\"@type\":\"ReadAction\",\"target\":[\"https:\/\/juvigo.pt\/revista\/avaliacao-parceiros\/\"]}]},{\"@type\":\"ImageObject\",\"inLanguage\":\"pt\",\"@id\":\"https:\/\/juvigo.pt\/revista\/avaliacao-parceiros\/#primaryimage\",\"url\":\"https:\/\/juvigo.pt\/revista\/wp-content\/uploads\/2024\/07\/camping-4303357_1920.jpg\",\"contentUrl\":\"https:\/\/juvigo.pt\/revista\/wp-content\/uploads\/2024\/07\/camping-4303357_1920.jpg\",\"width\":1920,\"height\":1080},{\"@type\":\"BreadcrumbList\",\"@id\":\"https:\/\/juvigo.pt\/revista\/avaliacao-parceiros\/#breadcrumb\",\"itemListElement\":[{\"@type\":\"ListItem\",\"position\":1,\"name\":\"Juvigo Revista\",\"item\":\"https:\/\/juvigo.pt\/revista\/\"},{\"@type\":\"ListItem\",\"position\":2,\"name\":\"O que os nossos Parceiros pensam sobre n\u00f3s\"}]},{\"@type\":\"WebSite\",\"@id\":\"https:\/\/juvigo.pt\/revista\/#website\",\"url\":\"https:\/\/juvigo.pt\/revista\/\",\"name\":\"Juvigo Revista\",\"description\":\"A revista Juvigo de Campos de f\u00e9rias, Col\u00f3nias de f\u00e9rias e Cursos de L\u00ednguas\",\"publisher\":{\"@id\":\"https:\/\/juvigo.pt\/revista\/#organization\"},\"potentialAction\":[{\"@type\":\"SearchAction\",\"target\":{\"@type\":\"EntryPoint\",\"urlTemplate\":\"https:\/\/juvigo.pt\/revista\/?s={search_term_string}\"},\"query-input\":{\"@type\":\"PropertyValueSpecification\",\"valueRequired\":true,\"valueName\":\"search_term_string\"}}],\"inLanguage\":\"pt\"},{\"@type\":\"Organization\",\"@id\":\"https:\/\/juvigo.pt\/revista\/#organization\",\"name\":\"Juvigo GmbH\",\"url\":\"https:\/\/juvigo.pt\/revista\/\",\"logo\":{\"@type\":\"ImageObject\",\"inLanguage\":\"pt\",\"@id\":\"https:\/\/juvigo.pt\/revista\/#\/schema\/logo\/image\/\",\"url\":\"https:\/\/juvigo.es\/revista\/wp-content\/uploads\/2022\/02\/magazine_logo_scaled.png\",\"contentUrl\":\"https:\/\/juvigo.es\/revista\/wp-content\/uploads\/2022\/02\/magazine_logo_scaled.png\",\"width\":240,\"height\":100,\"caption\":\"Juvigo GmbH\"},\"image\":{\"@id\":\"https:\/\/juvigo.pt\/revista\/#\/schema\/logo\/image\/\"},\"sameAs\":[\"https:\/\/de-de.facebook.com\/meinjuvigo\",\"https:\/\/x.com\/meinjuvigo\",\"http:\/\/instagram.com\/juvigo_de\/\"]}]}<\/script>\n<!-- \/ Yoast SEO plugin. -->","yoast_head_json":{"title":"O que os nossos Parceiros pensam sobre n\u00f3s - Juvigo Revista","robots":{"index":"index","follow":"follow","max-snippet":"max-snippet:-1","max-image-preview":"max-image-preview:large","max-video-preview":"max-video-preview:-1"},"canonical":"https:\/\/juvigo.pt\/revista\/avaliacao-parceiros\/","og_locale":"pt_PT","og_type":"article","og_title":"O que os nossos Parceiros pensam sobre n\u00f3s - Juvigo Revista","og_description":"O nosso trabalho existe, sobretudo, devido \u00e0 compet\u00eancia, experi\u00eancia, profissionalismo e apoio dos nossos parceiros. Apenas temos a possibilidade de oferecer sempre uma grande sele\u00e7\u00e3o dos melhores e mais baratos campos de f\u00e9rias, devido \u00e0 nossa rede de Parceiros. H\u00e1 muitos anos que constru\u00edmos uma rela\u00e7\u00e3o de confian\u00e7a e trabalhamos com associa\u00e7\u00f5es, organizadores de viagens [&hellip;]","og_url":"https:\/\/juvigo.pt\/revista\/avaliacao-parceiros\/","og_site_name":"Juvigo Revista","article_publisher":"https:\/\/de-de.facebook.com\/meinjuvigo","article_modified_time":"2024-07-04T11:14:38+00:00","og_image":[{"width":1920,"height":1080,"url":"https:\/\/juvigo.pt\/revista\/wp-content\/uploads\/2024\/07\/camping-4303357_1920.jpg","type":"image\/jpeg"}],"twitter_card":"summary_large_image","twitter_site":"@meinjuvigo","twitter_misc":{"Tempo estimado de leitura":"16 minutos"},"schema":{"@context":"https:\/\/schema.org","@graph":[{"@type":"WebPage","@id":"https:\/\/juvigo.pt\/revista\/avaliacao-parceiros\/","url":"https:\/\/juvigo.pt\/revista\/avaliacao-parceiros\/","name":"O que os nossos Parceiros pensam sobre n\u00f3s - Juvigo Revista","isPartOf":{"@id":"https:\/\/juvigo.pt\/revista\/#website"},"primaryImageOfPage":{"@id":"https:\/\/juvigo.pt\/revista\/avaliacao-parceiros\/#primaryimage"},"image":{"@id":"https:\/\/juvigo.pt\/revista\/avaliacao-parceiros\/#primaryimage"},"thumbnailUrl":"https:\/\/juvigo.pt\/revista\/wp-content\/uploads\/2024\/07\/camping-4303357_1920.jpg","datePublished":"2024-07-04T09:31:12+00:00","dateModified":"2024-07-04T11:14:38+00:00","breadcrumb":{"@id":"https:\/\/juvigo.pt\/revista\/avaliacao-parceiros\/#breadcrumb"},"inLanguage":"pt","potentialAction":[{"@type":"ReadAction","target":["https:\/\/juvigo.pt\/revista\/avaliacao-parceiros\/"]}]},{"@type":"ImageObject","inLanguage":"pt","@id":"https:\/\/juvigo.pt\/revista\/avaliacao-parceiros\/#primaryimage","url":"https:\/\/juvigo.pt\/revista\/wp-content\/uploads\/2024\/07\/camping-4303357_1920.jpg","contentUrl":"https:\/\/juvigo.pt\/revista\/wp-content\/uploads\/2024\/07\/camping-4303357_1920.jpg","width":1920,"height":1080},{"@type":"BreadcrumbList","@id":"https:\/\/juvigo.pt\/revista\/avaliacao-parceiros\/#breadcrumb","itemListElement":[{"@type":"ListItem","position":1,"name":"Juvigo Revista","item":"https:\/\/juvigo.pt\/revista\/"},{"@type":"ListItem","position":2,"name":"O que os nossos Parceiros pensam sobre n\u00f3s"}]},{"@type":"WebSite","@id":"https:\/\/juvigo.pt\/revista\/#website","url":"https:\/\/juvigo.pt\/revista\/","name":"Juvigo Revista","description":"A revista Juvigo de Campos de f\u00e9rias, Col\u00f3nias de f\u00e9rias e Cursos de L\u00ednguas","publisher":{"@id":"https:\/\/juvigo.pt\/revista\/#organization"},"potentialAction":[{"@type":"SearchAction","target":{"@type":"EntryPoint","urlTemplate":"https:\/\/juvigo.pt\/revista\/?s={search_term_string}"},"query-input":{"@type":"PropertyValueSpecification","valueRequired":true,"valueName":"search_term_string"}}],"inLanguage":"pt"},{"@type":"Organization","@id":"https:\/\/juvigo.pt\/revista\/#organization","name":"Juvigo GmbH","url":"https:\/\/juvigo.pt\/revista\/","logo":{"@type":"ImageObject","inLanguage":"pt","@id":"https:\/\/juvigo.pt\/revista\/#\/schema\/logo\/image\/","url":"https:\/\/juvigo.es\/revista\/wp-content\/uploads\/2022\/02\/magazine_logo_scaled.png","contentUrl":"https:\/\/juvigo.es\/revista\/wp-content\/uploads\/2022\/02\/magazine_logo_scaled.png","width":240,"height":100,"caption":"Juvigo GmbH"},"image":{"@id":"https:\/\/juvigo.pt\/revista\/#\/schema\/logo\/image\/"},"sameAs":["https:\/\/de-de.facebook.com\/meinjuvigo","https:\/\/x.com\/meinjuvigo","http:\/\/instagram.com\/juvigo_de\/"]}]}},"wps_subtitle":"","coauthors":[],"author_meta":{"author_link":"https:\/\/juvigo.pt\/revista\/author\/max\/","display_name":"Max"},"relative_dates":{"created":"Posted 2 anos ago","modified":"Updated 2 anos ago"},"absolute_dates":{"created":"Posted on 04.07.2024","modified":"Updated on 04.07.2024"},"absolute_dates_time":{"created":"Posted on 04.07.2024 10:31","modified":"Updated on 04.07.2024 12:14"},"featured_img_caption":"","featured_img":"https:\/\/juvigo.pt\/revista\/wp-content\/uploads\/2024\/07\/camping-4303357_1920.jpg","series_order":"","_links":{"self":[{"href":"https:\/\/juvigo.pt\/revista\/wp-json\/wp\/v2\/pages\/8898","targetHints":{"allow":["GET"]}}],"collection":[{"href":"https:\/\/juvigo.pt\/revista\/wp-json\/wp\/v2\/pages"}],"about":[{"href":"https:\/\/juvigo.pt\/revista\/wp-json\/wp\/v2\/types\/page"}],"author":[{"embeddable":true,"href":"https:\/\/juvigo.pt\/revista\/wp-json\/wp\/v2\/users\/3"}],"replies":[{"embeddable":true,"href":"https:\/\/juvigo.pt\/revista\/wp-json\/wp\/v2\/comments?post=8898"}],"version-history":[{"count":14,"href":"https:\/\/juvigo.pt\/revista\/wp-json\/wp\/v2\/pages\/8898\/revisions"}],"predecessor-version":[{"id":9284,"href":"https:\/\/juvigo.pt\/revista\/wp-json\/wp\/v2\/pages\/8898\/revisions\/9284"}],"wp:featuredmedia":[{"embeddable":true,"href":"https:\/\/juvigo.pt\/revista\/wp-json\/wp\/v2\/media\/8816"}],"wp:attachment":[{"href":"https:\/\/juvigo.pt\/revista\/wp-json\/wp\/v2\/media?parent=8898"}],"wp:term":[{"taxonomy":"category","embeddable":true,"href":"https:\/\/juvigo.pt\/revista\/wp-json\/wp\/v2\/categories?post=8898"},{"taxonomy":"post_tag","embeddable":true,"href":"https:\/\/juvigo.pt\/revista\/wp-json\/wp\/v2\/tags?post=8898"}],"curies":[{"name":"wp","href":"https:\/\/api.w.org\/{rel}","templated":true}]}}